{"id":31,"date":"2023-03-21T10:50:14","date_gmt":"2023-03-21T09:50:14","guid":{"rendered":"https:\/\/cercledesmediateursenvironnementauxetadministratifs.fr\/?page_id=31"},"modified":"2025-06-25T15:23:15","modified_gmt":"2025-06-25T13:23:15","slug":"une-section-de-page-daccueil","status":"publish","type":"page","link":"https:\/\/cercledesmediateursenvironnementauxetadministratifs.fr\/?page_id=31","title":{"rendered":"Membres fondateurs"},"content":{"rendered":"\n<figure class=\"wp-block-image size-full is-resized\"><img loading=\"lazy\" decoding=\"async\" width=\"509\" height=\"679\" src=\"https:\/\/cercledesmediateursenvironnementauxetadministratifs.fr\/wp-content\/uploads\/2023\/03\/unnamed-1.jpg\" alt=\"\" class=\"wp-image-522\" style=\"width:163px;height:218px\" srcset=\"https:\/\/cercledesmediateursenvironnementauxetadministratifs.fr\/wp-content\/uploads\/2023\/03\/unnamed-1.jpg 509w, https:\/\/cercledesmediateursenvironnementauxetadministratifs.fr\/wp-content\/uploads\/2023\/03\/unnamed-1-225x300.jpg 225w\" sizes=\"auto, (max-width: 509px) 100vw, 509px\" \/><\/figure>\n\n\n\n<p class=\"has-colibri-color-3-color has-text-color\"><strong>Laure Singla <\/strong><\/p>\n\n\n\n<p><em>Membre fondateur<\/em>, <em>Pr\u00e9sidente (2022-2025)<\/em> et <em>Pr\u00e9sidente d&rsquo;honneur du CME&amp;A <\/em><\/p>\n\n\n\n<ul class=\"wp-block-list\">\n<li>PHd\/Dr Environnementaliste expert<\/li>\n\n\n\n<li>Fondateur du cabinet d&rsquo;investigations expertises et m\u00e9diation Juris Eco Conseil <\/li>\n\n\n\n<li>Expert Observateur ind\u00e9pendant Pr\u00e9s du PNUE  <\/li>\n\n\n\n<li>Expert Pr\u00e9s les CA de Montpellier et CAA de Toulouse, membre CEJICAM- CEJC-CNEJAE-CNEJM, rubriques D04.5-D5-E.07.03-E.07.06-E.08.01-G.12-I.1-I.04-I.12<\/li>\n\n\n\n<li>M\u00e9diateur administratif et environnemental Pr\u00e9s les Juridictions judiciaires et administratives <\/li>\n\n\n\n<li>Prestataire de formations environnementales complexes n\u00b076341278334 <\/li>\n\n\n\n<li>Officier R\u00e9serve citoyenne Arm\u00e9e de terre (2020-2023)-Arm\u00e9e de l&rsquo;air et espace (2023-2026) <\/li>\n\n\n\n<li>Pr\u00e9sidente du Centre d&rsquo;Experts Interdisciplinaires en environnement et criminalistique environnementale &#8211; Environmental Criminalistic European Society (ESEC)           <\/li>\n\n\n\n<li>Enseignant chercheur rattach\u00e9 au CRESEM-UPVD et ancien charg\u00e9e d&rsquo;enseignements universitaires<\/li>\n<\/ul>\n\n\n\n<p><\/p>\n\n\n\n<p><\/p>\n\n\n\n<p><\/p>\n\n\n\n<p><\/p>\n\n\n\n<p><\/p>\n\n\n\n<figure class=\"wp-block-image size-large is-resized\"><img loading=\"lazy\" decoding=\"async\" width=\"768\" height=\"1024\" src=\"https:\/\/cercledesmediateursenvironnementauxetadministratifs.fr\/wp-content\/uploads\/2023\/03\/Sophie-MELCH-768x1024.jpg\" alt=\"\" class=\"wp-image-571\" style=\"width:197px;height:263px\" srcset=\"https:\/\/cercledesmediateursenvironnementauxetadministratifs.fr\/wp-content\/uploads\/2023\/03\/Sophie-MELCH-768x1024.jpg 768w, https:\/\/cercledesmediateursenvironnementauxetadministratifs.fr\/wp-content\/uploads\/2023\/03\/Sophie-MELCH-225x300.jpg 225w, https:\/\/cercledesmediateursenvironnementauxetadministratifs.fr\/wp-content\/uploads\/2023\/03\/Sophie-MELCH-1152x1536.jpg 1152w, https:\/\/cercledesmediateursenvironnementauxetadministratifs.fr\/wp-content\/uploads\/2023\/03\/Sophie-MELCH-1536x2048.jpg 1536w, https:\/\/cercledesmediateursenvironnementauxetadministratifs.fr\/wp-content\/uploads\/2023\/03\/Sophie-MELCH-scaled.jpg 1920w\" sizes=\"auto, (max-width: 768px) 100vw, 768px\" \/><\/figure>\n\n\n\n<p class=\"has-colibri-color-3-color has-text-color\"><strong>Sophie M\u00e9lich <\/strong><\/p>\n\n\n\n<p><em>Membre fondateur Secr\u00e9taire du CME&amp;A <\/em><\/p>\n\n\n\n<ul class=\"wp-block-list\">\n<li>M\u00e9diatrice et Avocate au Barreau de Marseille dans le secteur administratif &#8211; \u00c9tat, Collectivit\u00e9s territoriales et \u00c9tablissements publics de coop\u00e9ration intercommunale, H\u00f4pitaux publics.<\/li>\n\n\n\n<li>Dipl\u00f4m\u00e9e en Droit (Universit\u00e9 Aix -Marseille, DEA de droit public, option droit des collectivit\u00e9s territoriales, 1998).<\/li>\n\n\n\n<li>Ancienne cadre A et Directrice g\u00e9n\u00e9rale des services de Commune (1991\/2003).<\/li>\n\n\n\n<li>Formation au DU M\u00e9diation-N\u00e9gociation (Institut des Hautes Etudes en M\u00e9diation et<\/li>\n\n\n\n<li>N\u00e9gociation (IHEMN) Aix-en-Provence, 2018\/2020).<\/li>\n\n\n\n<li>Formation en M\u00e9diation Administrative &amp; Environnementale (Association Nationale des<\/li>\n\n\n\n<li>M\u00e9diateurs (ANM) 2021\/2023)<\/li>\n\n\n\n<li>R\u00e9f\u00e9renc\u00e9e pr\u00e8s les Tribunaux administratifs de&nbsp; Marseille, Toulon, Nice, N\u00eemes. Et la Cour administrative d\u2019appel de Marseille<\/li>\n<\/ul>\n\n\n\n<figure class=\"wp-block-image size-large is-resized\"><img loading=\"lazy\" decoding=\"async\" width=\"679\" height=\"1024\" src=\"https:\/\/cercledesmediateursenvironnementauxetadministratifs.fr\/wp-content\/uploads\/2023\/03\/IMG_1161-Bernard-MEYER-679x1024.jpg\" alt=\"\" class=\"wp-image-603\" style=\"width:161px;height:243px\" srcset=\"https:\/\/cercledesmediateursenvironnementauxetadministratifs.fr\/wp-content\/uploads\/2023\/03\/IMG_1161-Bernard-MEYER-679x1024.jpg 679w, https:\/\/cercledesmediateursenvironnementauxetadministratifs.fr\/wp-content\/uploads\/2023\/03\/IMG_1161-Bernard-MEYER-199x300.jpg 199w, https:\/\/cercledesmediateursenvironnementauxetadministratifs.fr\/wp-content\/uploads\/2023\/03\/IMG_1161-Bernard-MEYER-768x1158.jpg 768w, https:\/\/cercledesmediateursenvironnementauxetadministratifs.fr\/wp-content\/uploads\/2023\/03\/IMG_1161-Bernard-MEYER-1018x1536.jpg 1018w, https:\/\/cercledesmediateursenvironnementauxetadministratifs.fr\/wp-content\/uploads\/2023\/03\/IMG_1161-Bernard-MEYER-1358x2048.jpg 1358w, https:\/\/cercledesmediateursenvironnementauxetadministratifs.fr\/wp-content\/uploads\/2023\/03\/IMG_1161-Bernard-MEYER.jpg 1538w\" sizes=\"auto, (max-width: 679px) 100vw, 679px\" \/><\/figure>\n\n\n\n<p class=\"has-colibri-color-3-color has-text-color\"><strong>Bernard Meyer <\/strong><\/p>\n\n\n\n<p><em>Membre fondateur, Pr\u00e9sident (2025-2028) du CME&amp;A<\/em><\/p>\n\n\n\n<ul class=\"wp-block-list\">\n<li>Ing\u00e9nieur -chimiste, Docteur en chimie, <\/li>\n\n\n\n<li>Expert pr\u00e9s la Cour administrative d\u2019appel de Nancy <\/li>\n\n\n\n<li>Expert honoraire de la Compagnie des experts de la Cour d&rsquo;appel de Colmar<\/li>\n\n\n\n<li>M\u00e9diateur administratif et environnemental pr\u00e8s les tribunaux administratifs de Besan\u00e7on, Ch\u00e2lons-en-Champagne et&nbsp; Strasbourg, <\/li>\n\n\n\n<li>M\u00e9diateur judiciaire inscrit sur les listes des Cours d&rsquo;appel de&nbsp; Besan\u00e7on, Reims. <\/li>\n\n\n\n<li>M\u00e9diateur agr\u00e9\u00e9 d\u2019Alsace M\u00e9diation (Centre Rh\u00e9nan de M\u00e9diation).<\/li>\n\n\n\n<li>Il intervient aupr\u00e8s des tribunaux administratifs dans les domaines relatifs aux entreprises, collectivit\u00e9s locales, aux permis de construire, et il apporte aussi son expertise en toxicologie non m\u00e9dicale, dans des d\u00e9sordres li\u00e9s aux pollutions en milieu aquatique et terrestre, aux nuisances, aux diff\u00e9rends de voisinages.<\/li>\n\n\n\n<li>Fondateur en 2005 d\u2019un bureau d\u2019\u00e9tude environnemental, dont le c\u0153ur de m\u00e9tier est l\u2019Installation Class\u00e9e pour la Protection de l\u2019Environnement (ICPE), les \u00e9tudes de danger et les \u00e9tudes d\u2019impact. Ce bureau d\u2019\u00e9tude est tr\u00e8s actif sur le territoire national, ainsi qu\u2019en Cote d\u2019Ivoire, Egypte, Pologne et Allemagne.<\/li>\n\n\n\n<li>Membre des commissions sp\u00e9cialis\u00e9es dans l\u2019environnement, aupr\u00e8s de la pr\u00e9fecture du Haut Rhin (CoDERST), de la Chambre de Commerce Alsace Eurom\u00e9tropole, de la Conf\u00e9d\u00e9ration des Petites et Moyennes Entreprises (CPME).<\/li>\n\n\n\n<li>Il a \u00e9t\u00e9 form\u00e9 \u00e0 la M\u00e9diation Administrative &amp; \u00e0 la M\u00e9diation Environnementale aupr\u00e8s de l\u2019 Association Nationale des M\u00e9diateurs (ANM) 2021, et en formations initiales \u00e0 la m\u00e9diation par le CIMAE, Nancy (2019-2020), avec des formations compl\u00e9mentaires avec l\u2019 Association Nationale des M\u00e9diateurs (ANM),&nbsp; avec Alsace M\u00e9diation et avec le CEMA.<\/li>\n\n\n\n<li>Germanophone, il pratique des m\u00e9diations franco-allemandes.<\/li>\n<\/ul>\n\n\n\n<p><\/p>\n\n\n\n<figure class=\"wp-block-image size-full is-resized\"><img loading=\"lazy\" decoding=\"async\" width=\"667\" height=\"1000\" src=\"https:\/\/cercledesmediateursenvironnementauxetadministratifs.fr\/wp-content\/uploads\/2023\/03\/JBB.jpg\" alt=\"\" class=\"wp-image-612\" style=\"width:184px;height:276px\" srcset=\"https:\/\/cercledesmediateursenvironnementauxetadministratifs.fr\/wp-content\/uploads\/2023\/03\/JBB.jpg 667w, https:\/\/cercledesmediateursenvironnementauxetadministratifs.fr\/wp-content\/uploads\/2023\/03\/JBB-200x300.jpg 200w\" sizes=\"auto, (max-width: 667px) 100vw, 667px\" \/><\/figure>\n\n\n\n<p class=\"has-colibri-color-3-color has-text-color\"><strong>Jean-Bernard Behets<\/strong><\/p>\n\n\n\n<p><em>Membre fondateur, assesseur du CME&amp;A<\/em><\/p>\n\n\n\n<ul class=\"wp-block-list\">\n<li>Ing\u00e9nieur G\u00e9ologue dipl\u00f4m\u00e9 de l&rsquo;ENSG-Nancy, sp\u00e9cialit\u00e9 g\u00e9otechnique, hydrog\u00e9ologie<\/li>\n\n\n\n<li>Expert Pr\u00e9s la Cour Administrative de Douai.<\/li>\n\n\n\n<li>M\u00e9diateur environnemental et administratif Pr\u00e9s les juridictions judiciaires et administratives<\/li>\n<\/ul>\n\n\n\n<figure class=\"wp-block-image size-full\"><img loading=\"lazy\" decoding=\"async\" width=\"203\" height=\"297\" src=\"https:\/\/cercledesmediateursenvironnementauxetadministratifs.fr\/wp-content\/uploads\/2023\/03\/CG-08.04.10-179NB.jpg\" alt=\"\" class=\"wp-image-564\"\/><\/figure>\n\n\n\n<p class=\"has-colibri-color-3-color has-text-color\"><strong>Clarisse Goudin <\/strong><\/p>\n\n\n\n<p><em>Membre fondateur, Tr\u00e9sori\u00e8re (2025-2028) du CME&amp;A<\/em><\/p>\n\n\n\n<ul class=\"wp-block-list\">\n<li>M\u00e9diatrice et Avocate au Barreau de Paris dans le secteur de la recherche en sant\u00e9 humaine.<\/li>\n\n\n\n<li>Diplom\u00e9e en France et \u00e0 l\u2019\u00e9tranger en Droit de la bio\u00e9thique (<em>MA<\/em><em>Bioethics<\/em><em>and<\/em><em>Medical<\/em><em>Law,<\/em><em>University<\/em><em>of<\/em><em>Central<\/em><em>Lancashire,<\/em><em>Preston&nbsp;\u2013 2004 ;<\/em><em> DESS<\/em><em>Droit<\/em><em>de<\/em><em>la<\/em><em>bio\u00e9thique,<\/em><em>Universit\u00e9<\/em><em>Paris<\/em><em>XII &#8211; 2005<\/em>) et en Droit de la Propri\u00e9t\u00e9 industrielle (<em>Master<\/em><em>2<\/em><em>Droit<\/em><em>de<\/em><em>la<\/em><em>sant\u00e9<\/em><em>:<\/em><em>Propri\u00e9t\u00e9<\/em><em>industrielle<\/em><em>et<\/em><em>Industries de<\/em><em>sant\u00e9,<\/em><em>Universit\u00e9<\/em><em>Paris VIII &#8211; 2006<\/em>).<\/li>\n\n\n\n<li>Membre du Comit\u00e9 de Protection des Personnes (CPP) Ile de France VI &#8211; H\u00f4pital Piti\u00e9 Salp\u00eatri\u00e8re (nomination par l\u2019Agence R\u00e9gionale de Sant\u00e9 d\u2019Ile de France depuis 2008).<\/li>\n\n\n\n<li>Membre du Comit\u00e9 d\u2019\u00c9thique de la Recherche de l\u2019Universit\u00e9 Sorbonne Nouvelle-Paris depuis 2020.<\/li>\n\n\n\n<li>Formations initiales \u00e0 la m\u00e9diation aupr\u00e8s du Centre de M\u00e9diation et d\u2019Arbitrage de Paris (CMAP-2014), l\u2019\u00c9cole Internationale des Modes Alternatifs de r\u00e8glement des litiges du Barreau de Paris (EIMA-2015) et l\u2019Institut d\u2019Expertise, d\u2019Arbitrage et de M\u00e9diation (IEAM-2016).<\/li>\n\n\n\n<li>Formations \u00e0 la M\u00e9diation Administrative &amp; \u00e0 la M\u00e9diation Environnementale, Association Nationale des M\u00e9diateurs (ANM) 2020 &amp; 2021.<\/li>\n<\/ul>\n\n\n\n<p><\/p>\n\n\n\n<figure class=\"wp-block-image size-full is-resized\"><img loading=\"lazy\" decoding=\"async\" width=\"554\" height=\"909\" src=\"https:\/\/cercledesmediateursenvironnementauxetadministratifs.fr\/wp-content\/uploads\/2023\/04\/P3.jpg\" alt=\"\" class=\"wp-image-614\" style=\"width:170px;height:279px\" srcset=\"https:\/\/cercledesmediateursenvironnementauxetadministratifs.fr\/wp-content\/uploads\/2023\/04\/P3.jpg 554w, https:\/\/cercledesmediateursenvironnementauxetadministratifs.fr\/wp-content\/uploads\/2023\/04\/P3-183x300.jpg 183w\" sizes=\"auto, (max-width: 554px) 100vw, 554px\" \/><\/figure>\n\n\n\n<p class=\"has-colibri-color-3-color has-text-color\"><strong>P\u00e9lagie Muller<\/strong><\/p>\n\n\n\n<p><em>Membre fondateur et Assesseur du CME&amp;A<\/em><\/p>\n\n\n\n<ul class=\"wp-block-list\">\n<li>Commissaire-Priseur qualifi\u00e9e Commissaire de Justice, en exercice au sein d\u2019un \u00e9tablissement Public.<\/li>\n\n\n\n<li>M\u00e9diateur asserment\u00e9e aupr\u00e8s notamment de la Cour d\u2019Appel de Paris, r\u00e9f\u00e9renc\u00e9e et active aupr\u00e8s des tribunaux administratifs et des juridictions judiciaires.&nbsp;&nbsp;<\/li>\n\n\n\n<li>Expert de justice pr\u00e8s la CA de Colmar, membre du CNCEJ.<\/li>\n\n\n\n<li>Formations initiales et continue \u00e0 la m\u00e9diation aupr\u00e8s de la CNCJ, du CEMA, de l\u2019ANM&#8230;<\/li>\n\n\n\n<li>Dipl\u00f4m\u00e9e en droit (ma\u00eetrise de droit g\u00e9n\u00e9ral \u00e0 dominante de droit Public) et en Histoire de l\u2019Art (Universit\u00e9 de Strasbourg \u2013 Ecole du Louvre).<\/li>\n\n\n\n<li>Formation \u00e0 la M\u00e9diation Administrative &amp; \u00e0 la M\u00e9diation Environnementale, Association Nationale des M\u00e9diateurs (ANM) 2021.<\/li>\n\n\n\n<li>Form\u00e9e \u00e0 la Programmation Neuro-Linguistique et Synergologue dipl\u00f4m\u00e9e.<\/li>\n<\/ul>\n","protected":false},"excerpt":{"rendered":"<p>Laure Singla Membre fondateur, Pr\u00e9sidente (2022-2025) et Pr\u00e9sidente d&rsquo;honneur du CME&amp;A Sophie M\u00e9lich Membre fondateur Secr\u00e9taire du CME&amp;A Bernard Meyer Membre fondateur, Pr\u00e9sident (2025-2028) du CME&amp;A Jean-Bernard Behets Membre fondateur, assesseur du CME&amp;A Clarisse Goudin Membre fondateur, Tr\u00e9sori\u00e8re (2025-2028) du CME&amp;A P\u00e9lagie Muller Membre fondateur et Assesseur du CME&amp;A<\/p>\n","protected":false},"author":1,"featured_media":0,"parent":0,"menu_order":0,"comment_status":"closed","ping_status":"closed","template":"","meta":{"footnotes":""},"class_list":["post-31","page","type-page","status-publish","hentry"],"_links":{"self":[{"href":"https:\/\/cercledesmediateursenvironnementauxetadministratifs.fr\/index.php?rest_route=\/wp\/v2\/pages\/31","targetHints":{"allow":["GET"]}}],"collection":[{"href":"https:\/\/cercledesmediateursenvironnementauxetadministratifs.fr\/index.php?rest_route=\/wp\/v2\/pages"}],"about":[{"href":"https:\/\/cercledesmediateursenvironnementauxetadministratifs.fr\/index.php?rest_route=\/wp\/v2\/types\/page"}],"author":[{"embeddable":true,"href":"https:\/\/cercledesmediateursenvironnementauxetadministratifs.fr\/index.php?rest_route=\/wp\/v2\/users\/1"}],"replies":[{"embeddable":true,"href":"https:\/\/cercledesmediateursenvironnementauxetadministratifs.fr\/index.php?rest_route=%2Fwp%2Fv2%2Fcomments&post=31"}],"version-history":[{"count":21,"href":"https:\/\/cercledesmediateursenvironnementauxetadministratifs.fr\/index.php?rest_route=\/wp\/v2\/pages\/31\/revisions"}],"predecessor-version":[{"id":799,"href":"https:\/\/cercledesmediateursenvironnementauxetadministratifs.fr\/index.php?rest_route=\/wp\/v2\/pages\/31\/revisions\/799"}],"wp:attachment":[{"href":"https:\/\/cercledesmediateursenvironnementauxetadministratifs.fr\/index.php?rest_route=%2Fwp%2Fv2%2Fmedia&parent=31"}],"curies":[{"name":"wp","href":"https:\/\/api.w.org\/{rel}","templated":true}]}}